{"id":16231,"date":"2023-06-28T09:08:21","date_gmt":"2023-06-28T07:08:21","guid":{"rendered":"https:\/\/estudios.umh.es\/?page_id=16231"},"modified":"2026-01-08T13:13:40","modified_gmt":"2026-01-08T12:13:40","slug":"precio-de-la-matricula-primer-curso-curso","status":"publish","type":"page","link":"https:\/\/estudios.umh.es\/ca\/precio-de-la-matricula-primer-curso-curso\/","title":{"rendered":"Preu de la matr\u00edcula. Primer Curs. Curs 2025\/2026"},"content":{"rendered":"<p><strong>* Preus pendents de l&#8217;aprovaci\u00f3 del Decret de Taxes del Consell per prestaci\u00f3 de servicis acad\u00e8mics universitaris per al curs 2025\/2026.<\/strong><\/p>\n<p>Es mostra preu del cr\u00e8dit en primera matr\u00edcula, d&#8217;acord amb el <a href=\"https:\/\/dogv.gva.es\/datos\/2024\/08\/12\/pdf\/2024_8314_es.pdf\" target=\"_blank\" rel=\"noopener\">Decret 101\/2024, de 2 d&#8217;agost, del Consell<\/a><img src=\"https:\/\/estudios.umh.es\/files\/2021\/11\/abre-en-nueva-ventana.png\" alt=\"(abre en nueva ventana)\">, pel qual es regulen els preus p\u00fablic del servicis acad\u00e8mics i complementaris universitaris. Entre par\u00e8ntesi s&#8217;expressa el del valor total del primer curs complet: 60 ECTS (a excepci\u00f3 dels dobles que tenen una c\u00e0rrega lectiva superior).<\/p>\n<ul>\n<li>Administraci\u00f3 i Direcci\u00f3 d&#8217;Empreses: 12,79 \u20ac (767,40 \u20ac)<\/li>\n<li>Belles Arts: 17,34 \u20ac (1.040,40 \u20ac)<\/li>\n<li>Biotecnologia: 17,34 \u20ac (1.040,40 \u20ac)<\/li>\n<li>Ci\u00e8ncia de Dades i Intel\u00b7lig\u00e8ncia Artificial: 17,34 \u20ac (1.040,40 \u20ac)<\/li>\n<li>Ci\u00e8ncia i Tecnologia dels Aliments: 17,34 \u20ac (1.040,40 \u20ac)<\/li>\n<li>Ci\u00e8ncies Ambientals: 17,34 \u20ac (1.040,40 \u20ac)<\/li>\n<li>Ci\u00e8ncies de l&#8217;Activitat F\u00edsica i de l&#8217;Esport: 14,03 \u20ac (841,80 \u20ac)<\/li>\n<li>Ci\u00e8ncies Pol\u00edtiques i Gesti\u00f3 P\u00fablica: 12,79 \u20ac (767,40 \u20ac)<\/li>\n<li>Comunicaci\u00f3 Audiovisual: 14,03 \u20ac (841,80 \u20ac)<\/li>\n<li>Dret: 12,79 \u20ac (767,40 \u20ac)<\/li>\n<li>Doble Grau: Ci\u00e8ncias Pol\u00edtiques i Gesti\u00f3 P\u00fablica i Administraci\u00f3 i Direcci\u00f3 d&#8217; Empreses (78 ECTS):&nbsp; 12,79 \u20ac (997,62 \u20ac)<\/li>\n<li>Doble Grau: Ci\u00e8ncias Pol\u00edtiques i Gesti\u00f3 P\u00fablica i Dret (76,5 ECTS): 12,79 \u20ac (978,44 \u20ac)<\/li>\n<li>Doble Grau: Comunicaci\u00f3 Audiovisual i Periodisme (72 ECTS): 14,03 \u20ac (1.010,16 \u20ac)<\/li>\n<li>Doble Grau: Dret i Administraci\u00f3 i Direcci\u00f3 d&#8217;Empreses (72 ECTS): 12,79 \u20ac (920,88 \u20ac)<\/li>\n<li>Doble Grau: Enginyeria Agroaliment\u00e0ria i Agroambiental i&nbsp;Ci\u00e8ncia i Tecnologia dels Aliments (70,5 ECTS): 17,34 \u20ac (1.222,47 \u20ac)<\/li>\n<li>Infermeria: 18,00 (1.080,00 \u20ac)<\/li>\n<li>Estad\u00edstica Empresarial: 12,79 \u20ac (767,40 \u20ac)<\/li>\n<li>Farm\u00e0cia: 18,00 \u20ac (1.080,00 \u20ac)<\/li>\n<li>Fisioter\u00e0pia: 18,00 \u20ac (1.080,00 \u20ac)<\/li>\n<li>Gesti\u00f3 Comercial i M\u00e0rqueting: 12,79 (767,40 \u20ac)<\/li>\n<li>Gesti\u00f3, Tecnologia i Moda \/ Bachelor in Fashion Management and Technology: 12,79 \u20ac (767,40 \u20ac)<\/li>\n<li>Enginyeria Agroaliment\u00e0ria i Agroambiental: 17,34 \u20ac (1.040,40 \u20ac)<\/li>\n<li>Enginyeria de Tecnologies de Telecomunicaci\u00f3: 17,34 \u20ac (1.040,40 \u20ac)<\/li>\n<li>Enginyenia El\u00e8ctrica: 17,34 \u20ac (1.040,40 \u20ac)<\/li>\n<li>Enginyeria Electr\u00f2nica i Autom\u00e0tica Industrial: 17,34 \u20ac (1.040,40 \u20ac)<\/li>\n<li>Enginyeria en Tecnologies Industrials: 17,34 \u20ac (1.040,40 \u20ac)<\/li>\n<li>Enginyeria Inform\u00e0tica en Tecnologies de la Informaci\u00f3: 17,34 \u20ac (1.040,40 \u20ac)<\/li>\n<li>Enginyeria Mec\u00e0nica: 17,34 \u20ac (1.040,40 \u20ac)<\/li>\n<li>Medicina: 18,00 \u20ac (1.080,00 \u20ac)<\/li>\n<li>Periodisme: 14,03 \u20ac (841,80 \u20ac)<\/li>\n<li>Podologia: 18,00 \u20ac (1.080,00 \u20ac)<\/li>\n<li>Psicologia: 14,03 \u20ac (841,80 \u20ac)<\/li>\n<li>Relacions Laborals i Recursos Humans: 12,79 \u20ac (767,40 \u20ac)<\/li>\n<li>Seguretat P\u00fablica i Privada: 12,79 \u20ac (767,40 \u20ac)<\/li>\n<li>Ter\u00e0pia Ocupacional: 18,00 \u20ac (1.080,00 \u20ac)<\/li>\n<\/ul>\n<h6>Els preus dels tr\u00e0mits administratius s\u00f3n els seg\u00fcents:&nbsp;<\/h6>\n<ul>\n<li>Obertura d&#8217;Expedient Acad\u00e8mic per inici d&#8217;estudis en un centre i trasllat: 27,34 \u20ac<\/li>\n<li>Expedici\u00f3 de Certificats Acad\u00e8mics: 27,34 \u20ac<\/li>\n<li>Expedici\u00f3, manteniment o actualitzaci\u00f3 de Targetes d&#8217;Identitat: 5,87 \u20ac<\/li>\n<li>Asseguran\u00e7a Volunt\u00e0ria: 10,52 \u20ac<\/li>\n<li>Asseguran\u00e7a Escolar: 1,12 \u20ac<\/li>\n<\/ul>\n<h5><strong>Preus per a l&#8217;estudiantat estranger no comunitari i no resident.<\/strong><\/h5>\n<p>Per al curs acad\u00e8mic 2025-2026, al nou estudiantat estranger que no tinga la condici\u00f3 de resident, exclosos els nacionals d&#8217;Estats membres de la Uni\u00f3 Europea i aquells als qui els siga aplicable el r\u00e8gim comunitari i formalitzen per primera vegada la seua matr\u00edcula, se&#8217;ls aplicar\u00e0 el doble dels preus indicats anteriorment.<\/p>","protected":false},"excerpt":{"rendered":"<p>* Preus pendents de l&#8217;aprovaci\u00f3 del Decret de Taxes del Consell per prestaci\u00f3 de servicis acad\u00e8mics universitaris per al curs 2025\/2026.<br \/>\nEs mostra preu del cr\u00e8dit en primera matr\u00edcula, d&#8217;acord amb el Decret 101\/2024, de 2 d&#8217;agost, del Consell, pel qual es regulen els preus p\u00fablic del servicis acad\u00e8mics i complementaris universitaris. Entre par\u00e8ntesi s&#8217;expressa el [&#8230;]<\/p>\n","protected":false},"author":21955,"featured_media":0,"parent":0,"menu_order":0,"comment_status":"closed","ping_status":"closed","template":"","meta":{"ngg_post_thumbnail":0,"_links_to":"","_links_to_target":""},"_links":{"self":[{"href":"https:\/\/estudios.umh.es\/ca\/wp-json\/wp\/v2\/pages\/16231"}],"collection":[{"href":"https:\/\/estudios.umh.es\/ca\/wp-json\/wp\/v2\/pages"}],"about":[{"href":"https:\/\/estudios.umh.es\/ca\/wp-json\/wp\/v2\/types\/page"}],"author":[{"embeddable":true,"href":"https:\/\/estudios.umh.es\/ca\/wp-json\/wp\/v2\/users\/21955"}],"replies":[{"embeddable":true,"href":"https:\/\/estudios.umh.es\/ca\/wp-json\/wp\/v2\/comments?post=16231"}],"version-history":[{"count":0,"href":"https:\/\/estudios.umh.es\/ca\/wp-json\/wp\/v2\/pages\/16231\/revisions"}],"wp:attachment":[{"href":"https:\/\/estudios.umh.es\/ca\/wp-json\/wp\/v2\/media?parent=16231"}],"curies":[{"name":"wp","href":"https:\/\/api.w.org\/{rel}","templated":true}]}}