{"id":16576,"date":"2023-09-13T12:24:06","date_gmt":"2023-09-13T10:24:06","guid":{"rendered":"https:\/\/estudios.umh.es\/?page_id=16576"},"modified":"2026-04-20T13:15:02","modified_gmt":"2026-04-20T11:15:02","slug":"curso-de-nivelacion-programa-de-biologia-campus-de-elche","status":"publish","type":"page","link":"https:\/\/estudios.umh.es\/ca\/curso-de-nivelacion-programa-de-biologia-campus-de-elche\/","title":{"rendered":"Curs d&#8217;Anivellament. Programa de Biologia. Campus d&#8217;Elx."},"content":{"rendered":"<p><span dir=\"auto\" style=\"vertical-align: inherit\"><span dir=\"auto\" style=\"vertical-align: inherit\">Consulta el temari del curs d&#8217;anivellament Biologia que s&#8217;imparteix al campus d&#8217;Elx.<\/span><\/span><\/p>\n<h3><span dir=\"auto\" style=\"vertical-align: inherit\"><span dir=\"auto\" style=\"vertical-align: inherit\">Programa:<\/span><\/span><\/h3>\n<ol>\n<li><span dir=\"auto\" style=\"vertical-align: inherit\"><span dir=\"auto\" style=\"vertical-align: inherit\">Estructura cel\u00b7lular:<\/span><\/span>\n<ol>\n<li><span dir=\"auto\" style=\"vertical-align: inherit\"><span dir=\"auto\" style=\"vertical-align: inherit\">Organitzaci\u00f3 de c\u00e8l\u00b7lules procariotes i eucariotes.<\/span><\/span><\/li>\n<li><span dir=\"auto\" style=\"vertical-align: inherit\"><span dir=\"auto\" style=\"vertical-align: inherit\">Difer\u00e8ncies entre c\u00e8l\u00b7lules animals i vegetals.<\/span><\/span><\/li>\n<\/ol>\n<\/li>\n<li><span dir=\"auto\" style=\"vertical-align: inherit\"><span dir=\"auto\" style=\"vertical-align: inherit\">Cicles biol\u00f2gics i divisi\u00f3 cel\u00b7lular:<\/span><\/span>\n<ol>\n<li><span dir=\"auto\" style=\"vertical-align: inherit\"><span dir=\"auto\" style=\"vertical-align: inherit\">Alternan\u00e7a de generacions.<\/span><\/span><\/li>\n<li><span dir=\"auto\" style=\"vertical-align: inherit\"><span dir=\"auto\" style=\"vertical-align: inherit\">Tipus de reproducci\u00f3: sexual i asexual.<\/span><\/span><\/li>\n<li><span dir=\"auto\" style=\"vertical-align: inherit\"><span dir=\"auto\" style=\"vertical-align: inherit\">Mitosi i meiosi.<\/span><\/span><\/li>\n<\/ol>\n<\/li>\n<li><span dir=\"auto\" style=\"vertical-align: inherit\"><span dir=\"auto\" style=\"vertical-align: inherit\">Her\u00e8ncia biol\u00f2gica:<\/span><\/span>\n<ol>\n<li><span dir=\"auto\" style=\"vertical-align: inherit\"><span dir=\"auto\" style=\"vertical-align: inherit\">L&#8217;ADN com a mol\u00e8cula portadora de la informaci\u00f3 gen\u00e8tica.<\/span><\/span><\/li>\n<li><span dir=\"auto\" style=\"vertical-align: inherit\"><span dir=\"auto\" style=\"vertical-align: inherit\">Teoria cromos\u00f2mica de lher\u00e8ncia.<\/span><\/span><\/li>\n<\/ol>\n<\/li>\n<li><span dir=\"auto\" style=\"vertical-align: inherit\"><span dir=\"auto\" style=\"vertical-align: inherit\">Metabolisme energ\u00e8tic:<\/span><\/span>\n<ol>\n<li><span dir=\"auto\" style=\"vertical-align: inherit\"><span dir=\"auto\" style=\"vertical-align: inherit\">Classificaci\u00f3 nutricional dels organismes.<\/span><\/span><\/li>\n<li><span dir=\"auto\" style=\"vertical-align: inherit\"><span dir=\"auto\" style=\"vertical-align: inherit\">Respiraci\u00f3 i fermentaci\u00f3.<\/span><\/span><\/li>\n<li><span dir=\"auto\" style=\"vertical-align: inherit\"><span dir=\"auto\" style=\"vertical-align: inherit\">Fotos\u00edntesi.<\/span><\/span><\/li>\n<li><span dir=\"auto\" style=\"vertical-align: inherit\"><span dir=\"auto\" style=\"vertical-align: inherit\">Catabolisme de gl\u00facids i l\u00edpids.<\/span><\/span><\/li>\n<\/ol>\n<\/li>\n<li><span dir=\"auto\" style=\"vertical-align: inherit\"><span dir=\"auto\" style=\"vertical-align: inherit\">Evoluci\u00f3 i classificaci\u00f3 filogen\u00e8tica dels \u00e9ssers vius.<\/span><\/span><\/li>\n<\/ol>\n<h3><span dir=\"auto\" style=\"vertical-align: inherit\"><span dir=\"auto\" style=\"vertical-align: inherit\">Professorat:<\/span><\/span><\/h3>\n<ul>\n<li><span dir=\"auto\" style=\"vertical-align: inherit\"><span dir=\"auto\" style=\"vertical-align: inherit\">Pilar Garc\u00eda Morales<\/span><\/span><\/li>\n<li><span dir=\"auto\" style=\"vertical-align: inherit\"><span dir=\"auto\" style=\"vertical-align: inherit\">Sara Jover Gil<\/span><\/span><\/li>\n<li><span dir=\"auto\" style=\"vertical-align: inherit\"><span dir=\"auto\" style=\"vertical-align: inherit\">Raquel Sarmiento Ma\u00f1\u00fas<\/span><\/span><\/li>\n<\/ul>\n<p><\/p>","protected":false},"excerpt":{"rendered":"<p>Consulta el temari del curs d&#8217;anivellament Biologia que s&#8217;imparteix al campus d&#8217;Elx.<br \/>\nPrograma:<\/p>\n<p>Estructura cel\u00b7lular:<\/p>\n<p>Organitzaci\u00f3 de c\u00e8l\u00b7lules procariotes i eucariotes.<br \/>\nDifer\u00e8ncies entre c\u00e8l\u00b7lules animals i vegetals.<\/p>\n<p>Cicles biol\u00f2gics i divisi\u00f3 cel\u00b7lular:<\/p>\n<p>Alternan\u00e7a de generacions.<br \/>\nTipus de reproducci\u00f3: sexual i asexual.<br \/>\nMitosi i meiosi.<\/p>\n<p>Her\u00e8ncia biol\u00f2gica:<\/p>\n<p>L&#8217;ADN com a mol\u00e8cula portadora de la informaci\u00f3 gen\u00e8tica.<br \/>\nTeoria cromos\u00f2mica de lher\u00e8ncia.<\/p>\n<p>Metabolisme energ\u00e8tic:<\/p>\n<p>Classificaci\u00f3 nutricional dels organismes.<br \/>\nRespiraci\u00f3 i fermentaci\u00f3.<br \/>\nFotos\u00edntesi.<br \/>\nCatabolisme de [&#8230;]<\/p>\n","protected":false},"author":21955,"featured_media":0,"parent":0,"menu_order":0,"comment_status":"closed","ping_status":"closed","template":"","meta":{"ngg_post_thumbnail":0,"_links_to":"","_links_to_target":""},"_links":{"self":[{"href":"https:\/\/estudios.umh.es\/ca\/wp-json\/wp\/v2\/pages\/16576"}],"collection":[{"href":"https:\/\/estudios.umh.es\/ca\/wp-json\/wp\/v2\/pages"}],"about":[{"href":"https:\/\/estudios.umh.es\/ca\/wp-json\/wp\/v2\/types\/page"}],"author":[{"embeddable":true,"href":"https:\/\/estudios.umh.es\/ca\/wp-json\/wp\/v2\/users\/21955"}],"replies":[{"embeddable":true,"href":"https:\/\/estudios.umh.es\/ca\/wp-json\/wp\/v2\/comments?post=16576"}],"version-history":[{"count":0,"href":"https:\/\/estudios.umh.es\/ca\/wp-json\/wp\/v2\/pages\/16576\/revisions"}],"wp:attachment":[{"href":"https:\/\/estudios.umh.es\/ca\/wp-json\/wp\/v2\/media?parent=16576"}],"curies":[{"name":"wp","href":"https:\/\/api.w.org\/{rel}","templated":true}]}}