{"id":18848,"date":"2025-02-11T16:36:29","date_gmt":"2025-02-11T15:36:29","guid":{"rendered":"https:\/\/estudios.umh.es\/?page_id=18848"},"modified":"2026-03-11T09:10:20","modified_gmt":"2026-03-11T08:10:20","slug":"faq-preguntas-frecuentes-preinscripcion-master","status":"publish","type":"page","link":"https:\/\/estudios.umh.es\/ca\/faq-preguntas-frecuentes-preinscripcion-master\/","title":{"rendered":"<span lang=\"es\">(Espa\u00f1ol) FAQ PREGUNTAS FRECUENTES PREINSCRIPCI\u00d3N M\u00c1STER<\/span>"},"content":{"rendered":"<p><\/p>\n<h3><span dir=\"auto\" style=\"vertical-align: inherit\"><span dir=\"auto\" style=\"vertical-align: inherit\">1. <\/span><\/span><a href=\"#1\"><span dir=\"auto\" style=\"vertical-align: inherit\"><span dir=\"auto\" style=\"vertical-align: inherit\">On i quan em puc preinscriure?<\/span><\/span><\/a><\/h3>\n<h3><span dir=\"auto\" style=\"vertical-align: inherit\"><span dir=\"auto\" style=\"vertical-align: inherit\">2. <\/span><\/span><a href=\"#2\"><span dir=\"auto\" style=\"vertical-align: inherit\"><span dir=\"auto\" style=\"vertical-align: inherit\">Quina documentaci\u00f3 he d&#8217;acompanyar la preinscripci\u00f3?<\/span><\/span><\/a><\/h3>\n<h3><span dir=\"auto\" style=\"vertical-align: inherit\"><span dir=\"auto\" style=\"vertical-align: inherit\">3. <\/span><\/span><a href=\"#3\"><span dir=\"auto\" style=\"vertical-align: inherit\"><span dir=\"auto\" style=\"vertical-align: inherit\">A quin Campus pertany el m\u00e0ster que vull cursar?<\/span><\/span><\/a><\/h3>\n<h3><span dir=\"auto\" style=\"vertical-align: inherit\"><span dir=\"auto\" style=\"vertical-align: inherit\">4. <\/span><\/span><a href=\"#4\"><span dir=\"auto\" style=\"vertical-align: inherit\"><span dir=\"auto\" style=\"vertical-align: inherit\">Puc fer un m\u00e0ster si encara no he finalitzat els meus estudis de grau?<\/span><\/span><\/a><\/h3>\n<h3><span dir=\"auto\" style=\"vertical-align: inherit\"><span dir=\"auto\" style=\"vertical-align: inherit\">5. <\/span><\/span><a href=\"#5\"><span dir=\"auto\" style=\"vertical-align: inherit\"><span dir=\"auto\" style=\"vertical-align: inherit\">En quin ordre s&#8217;assignen les places si s\u00f3c adm\u00e8s\/ada de forma condicionada?<\/span><\/span><\/a><\/h3>\n<h3><span dir=\"auto\" style=\"vertical-align: inherit\"><span dir=\"auto\" style=\"vertical-align: inherit\">6. <\/span><\/span><a href=\"#6\"><span dir=\"auto\" style=\"vertical-align: inherit\"><span dir=\"auto\" style=\"vertical-align: inherit\">Puc fer la preinscripci\u00f3 si no he finalitzat els meus estudis de grau?<\/span><\/span><\/a><\/h3>\n<h3><span dir=\"auto\" style=\"vertical-align: inherit\"><span dir=\"auto\" style=\"vertical-align: inherit\">7. <\/span><\/span><a href=\"#7\"><span dir=\"auto\" style=\"vertical-align: inherit\"><span dir=\"auto\" style=\"vertical-align: inherit\">Si s\u00f3c adm\u00e8s\/ai posteriorment em matriculo de forma condicional, quan he d&#8217;aportar el meu t\u00edtol de grau?<\/span><\/span><\/a><\/h3>\n<h3><span dir=\"auto\" style=\"vertical-align: inherit\"><span dir=\"auto\" style=\"vertical-align: inherit\">8. <\/span><\/span><a href=\"#8\"><span dir=\"auto\" style=\"vertical-align: inherit\"><span dir=\"auto\" style=\"vertical-align: inherit\">Quins m\u00e0sters no tenen admissi\u00f3 condicionada?<\/span><\/span><\/a><\/h3>\n<h3><span dir=\"auto\" style=\"vertical-align: inherit\"><span dir=\"auto\" style=\"vertical-align: inherit\">9. <\/span><\/span><a href=\"#9\"><span dir=\"auto\" style=\"vertical-align: inherit\"><span dir=\"auto\" style=\"vertical-align: inherit\">Com i quan sabr\u00e9 si estic adm\u00e8s\/a?<\/span><\/span><\/a><\/h3>\n<h3><span dir=\"auto\" style=\"vertical-align: inherit\"><span dir=\"auto\" style=\"vertical-align: inherit\">10. <\/span><\/span><a href=\"#10\"><span dir=\"auto\" style=\"vertical-align: inherit\"><span dir=\"auto\" style=\"vertical-align: inherit\">Quan i com puc solucionar la meva sol\u00b7licitud?<\/span><\/span><\/a><\/h3>\n<h3><span dir=\"auto\" style=\"vertical-align: inherit\"><span dir=\"auto\" style=\"vertical-align: inherit\">11. <\/span><\/span><a href=\"#11\"><span dir=\"auto\" style=\"vertical-align: inherit\"><span dir=\"auto\" style=\"vertical-align: inherit\">Despr\u00e9s de la publicaci\u00f3 del resultat provisional no estic d&#8217;acord amb la nota que m&#8217;han assignat per a l&#8217;admissi\u00f3, puc sol\u00b7licitar-ne la revisi\u00f3?<\/span><\/span><\/a><\/h3>\n<h3><span dir=\"auto\" style=\"vertical-align: inherit\"><span dir=\"auto\" style=\"vertical-align: inherit\">12. <\/span><\/span><a href=\"#12\"><span dir=\"auto\" style=\"vertical-align: inherit\"><span dir=\"auto\" style=\"vertical-align: inherit\">He d&#8217;aportar f\u00edsicament la documentaci\u00f3 de preinscripci\u00f3 (t\u00edtol, certificat de notes, etc.)? quin termini tinc per presentar-la?<\/span><\/span><\/a><\/h3>\n<h3><span dir=\"auto\" style=\"vertical-align: inherit\"><span dir=\"auto\" style=\"vertical-align: inherit\">13. <\/span><\/span><a href=\"#13\"><span dir=\"auto\" style=\"vertical-align: inherit\"><span dir=\"auto\" style=\"vertical-align: inherit\">Quins documents considereu documents d&#8217;acc\u00e9s?<\/span><\/span><\/a><\/h3>\n<h3><span dir=\"auto\" style=\"vertical-align: inherit\"><span dir=\"auto\" style=\"vertical-align: inherit\">14. <\/span><\/span><a href=\"#14\"><span dir=\"auto\" style=\"vertical-align: inherit\"><span dir=\"auto\" style=\"vertical-align: inherit\">Hi ha quotes d&#8217;acc\u00e9s per a estudis de m\u00e0ster a la UMH?<\/span><\/span><\/a><\/h3>\n<h3><span dir=\"auto\" style=\"vertical-align: inherit\"><span dir=\"auto\" style=\"vertical-align: inherit\">15. <\/span><\/span><a href=\"#15\"><span dir=\"auto\" style=\"vertical-align: inherit\"><span dir=\"auto\" style=\"vertical-align: inherit\">Vull cursar el M\u00e0ster universitari en Psicologia General Sanit\u00e0ria he d&#8217;aportar el certificat d&#8217;haver cursat els 90 cr\u00e8dits sanitaris?<\/span><\/span><\/a><\/h3>\n<h3><span dir=\"auto\" style=\"vertical-align: inherit\"><span dir=\"auto\" style=\"vertical-align: inherit\">16. <\/span><\/span><a href=\"#16\"><span dir=\"auto\" style=\"vertical-align: inherit\"><span dir=\"auto\" style=\"vertical-align: inherit\">Necessito presentar el resguard de preinscripci\u00f3 per sol\u00b7licitar una beca com ho puc obtenir?<\/span><\/span><\/a><\/h3>\n<p>&nbsp;<\/p>\n<h3 id=\"1\"><span dir=\"auto\" style=\"vertical-align: inherit\"><span dir=\"auto\" style=\"vertical-align: inherit\">1. On i quan em puc preinscriure?<\/span><\/span><\/h3>\n<p><span dir=\"auto\" style=\"vertical-align: inherit\"><span dir=\"auto\" style=\"vertical-align: inherit\">La sol\u00b7licitud de preinscripci\u00f3 es realitzar\u00e0 a trav\u00e9s de l&#8217; <\/span><\/span><a href=\"https:\/\/universite.umh.es\/preins_postgrado\/master\/listado\" target=\"_blank\" rel=\"noopener\"><span dir=\"auto\" style=\"vertical-align: inherit\"><span dir=\"auto\" style=\"vertical-align: inherit\">aplicaci\u00f3 telem\u00e0tica<\/span><\/span><\/a><a href=\"https:\/\/estudios.umh.es\/files\/2024\/03\/PREGUNTAS-FRECUENTES-ESTUDIANTES-DE-MASTERV-2024.pdf\" target=\"_blank\" rel=\"noopener noreferrer\"><img loading=\"lazy\" class=\"alignnone wp-image-31436 size-full\" src=\"https:\/\/estudios.umh.es\/files\/2021\/11\/abre-en-nueva-ventana.png\" alt=\"(obriu en nova finestra)\" width=\"15\" height=\"15\"><\/a><span dir=\"auto\" style=\"vertical-align: inherit\"><span dir=\"auto\" style=\"vertical-align: inherit\"> .<\/span><\/span><\/p>\n<p><span dir=\"auto\" style=\"vertical-align: inherit\"><span dir=\"auto\" style=\"vertical-align: inherit\">La Universitat t\u00e9 dos terminis de preinscripci\u00f3. El segon termini nom\u00e9s estar\u00e0 disponible per a aquells m\u00e0sters en qu\u00e8 quedin vacants.<\/span><\/span><\/p>\n<p><span dir=\"auto\" style=\"vertical-align: inherit\"><span dir=\"auto\" style=\"vertical-align: inherit\">1r&nbsp; Termini<\/span><\/span><span dir=\"auto\" style=\"vertical-align: inherit\"><span dir=\"auto\" style=\"vertical-align: inherit\">: del 10 de mar\u00e7 al 19 de juny de 2025.<\/span><\/span><\/p>\n<p><span dir=\"auto\" style=\"vertical-align: inherit\"><span dir=\"auto\" style=\"vertical-align: inherit\">&nbsp;2n Termini*: de l&#8217;11 de juliol al 17 de juliol del 2025.<\/span><\/span><\/p>\n<p><span dir=\"auto\" style=\"vertical-align: inherit\"><span dir=\"auto\" style=\"vertical-align: inherit\">*Aquest termini s&#8217;obrir\u00e0 nom\u00e9s per a m\u00e0sters amb places vacants.<\/span><\/span><\/p>\n<h3 id=\"2\"><span dir=\"auto\" style=\"vertical-align: inherit\"><span dir=\"auto\" style=\"vertical-align: inherit\">2. Quina documentaci\u00f3 he d&#8217;acompanyar la preinscripci\u00f3?<\/span><\/span><\/h3>\n<p><span dir=\"auto\" style=\"vertical-align: inherit\"><span dir=\"auto\" style=\"vertical-align: inherit\">La documentaci\u00f3 que heu d&#8217;aportar a l&#8217;apartat \u201cAdjuntar documentaci\u00f3\u201d del formulari de preinscripci\u00f3 \u00e9s: (en format pdf)<\/span><\/span><\/p>\n<ul>\n<li><strong><span dir=\"auto\" style=\"vertical-align: inherit\"><span dir=\"auto\" style=\"vertical-align: inherit\">C\u00f2pia<\/span><\/span><\/strong><span dir=\"auto\" style=\"vertical-align: inherit\"><span dir=\"auto\" style=\"vertical-align: inherit\"> del&nbsp; <\/span><\/span><strong><span dir=\"auto\" style=\"vertical-align: inherit\"><span dir=\"auto\" style=\"vertical-align: inherit\">DNI<\/span><\/span><\/strong><span dir=\"auto\" style=\"vertical-align: inherit\"><span dir=\"auto\" style=\"vertical-align: inherit\"> (per les dues cares),&nbsp; <\/span><\/span><strong><span dir=\"auto\" style=\"vertical-align: inherit\"><span dir=\"auto\" style=\"vertical-align: inherit\">NIE<\/span><\/span><\/strong><span dir=\"auto\" style=\"vertical-align: inherit\"><span dir=\"auto\" style=\"vertical-align: inherit\"> &nbsp;(residents a Espanya) o&nbsp; <\/span><\/span><strong><span dir=\"auto\" style=\"vertical-align: inherit\"><span dir=\"auto\" style=\"vertical-align: inherit\">passaport<\/span><\/span><\/strong><span dir=\"auto\" style=\"vertical-align: inherit\"><span dir=\"auto\" style=\"vertical-align: inherit\"> &nbsp;(estrangers).<\/span><\/span><\/li>\n<li><strong><span dir=\"auto\" style=\"vertical-align: inherit\"><span dir=\"auto\" style=\"vertical-align: inherit\">T\u00edtol que d\u00f3na acc\u00e9s al M\u00e0ster o acreditaci\u00f3<\/span><\/span><\/strong><span dir=\"auto\" style=\"vertical-align: inherit\"><span dir=\"auto\" style=\"vertical-align: inherit\"> dhaver sol\u00b7licitat el t\u00edtol i abonat les taxes dexpedici\u00f3.&nbsp;<\/span><\/span><\/li>\n<li><strong><span dir=\"auto\" style=\"vertical-align: inherit\"><span dir=\"auto\" style=\"vertical-align: inherit\">Certificat acad\u00e8mic oficial<\/span><\/span><\/strong><span dir=\"auto\" style=\"vertical-align: inherit\"><span dir=\"auto\" style=\"vertical-align: inherit\"> que inclogui la nota mitjana o&nbsp; <\/span><\/span><strong><span dir=\"auto\" style=\"vertical-align: inherit\"><span dir=\"auto\" style=\"vertical-align: inherit\">SET<\/span><\/span><\/strong><span dir=\"auto\" style=\"vertical-align: inherit\"><span dir=\"auto\" style=\"vertical-align: inherit\"> &nbsp;(Suplement Europeu al T\u00edtol).<\/span><\/span><\/li>\n<\/ul>\n<p><strong><span dir=\"auto\" style=\"vertical-align: inherit\"><span dir=\"auto\" style=\"vertical-align: inherit\">Extracte dexpedient sense validesa acad\u00e8mica o fitxa informativa,<\/span><\/span><\/strong><span dir=\"auto\" style=\"vertical-align: inherit\"><span dir=\"auto\" style=\"vertical-align: inherit\"> per a estudiantat que sol\u00b7licite ladmissi\u00f3 condicionada, \u00e9s a dir, pendents de finalitzar els seus estudis de Grau. <\/span><\/span><u><span dir=\"auto\" style=\"vertical-align: inherit\"><span dir=\"auto\" style=\"vertical-align: inherit\">Si durant el proc\u00e9s de preinscripci\u00f3 acabes els estudis, haur\u00e0s d&#8217;aportar obligat\u00f2riament certificat acad\u00e8mic oficial.<\/span><\/span><\/u><\/p>\n<ul>\n<li><strong><span dir=\"auto\" style=\"vertical-align: inherit\"><span dir=\"auto\" style=\"vertical-align: inherit\">Curr\u00edculum vitae<\/span><\/span><\/strong><span dir=\"auto\" style=\"vertical-align: inherit\"><span dir=\"auto\" style=\"vertical-align: inherit\"> . Breu descripci\u00f3 d&#8217;experi\u00e8ncia i formaci\u00f3 relacionada amb el m\u00e0ster o <\/span><\/span><strong><span dir=\"auto\" style=\"vertical-align: inherit\"><span dir=\"auto\" style=\"vertical-align: inherit\">el curr\u00edculum normalitzat,<\/span><\/span><\/strong><span dir=\"auto\" style=\"vertical-align: inherit\"><span dir=\"auto\" style=\"vertical-align: inherit\"> en el cas de m\u00e0sters que aix\u00ed ho requereixin. Aquest darrer document estar\u00e0 accessible en el moment de fer la preinscripci\u00f3 i haur\u00e0s de descarregar-lo, emplenar-lo i pujar-lo a l&#8217;apartat \u201cAdjuntar documentaci\u00f3\u201d del formulari de preinscripci\u00f3.<\/span><\/span><\/li>\n<li><span dir=\"auto\" style=\"vertical-align: inherit\"><span dir=\"auto\" style=\"vertical-align: inherit\">En el cas de m\u00e0sters que exigeixin&nbsp; <\/span><\/span><strong><span dir=\"auto\" style=\"vertical-align: inherit\"><span dir=\"auto\" style=\"vertical-align: inherit\">documentaci\u00f3 addicional&nbsp;<\/span><\/span><\/strong><span dir=\"auto\" style=\"vertical-align: inherit\"><span dir=\"auto\" style=\"vertical-align: inherit\"> contemplada als criteris d&#8217;admissi\u00f3 i especialment als m\u00e0sters amb exc\u00e9s de demanda, haur\u00e0s d&#8217;adjuntar els certificats o documents que acreditin el m\u00e8rit que t&#8217;atribueixes; en cas contrari, aquest m\u00e8rit no es tindr\u00e0 en compte per a l&#8217;admissi\u00f3 al m\u00e0ster. Podeu consultar els criteris d&#8217;admissi\u00f3 de cada m\u00e0ster a la seg\u00fcent p\u00e0gina <\/span><\/span><a href=\"https:\/\/www.umh.es\/contenido\/Estudios\/:Master_Oficial\/datos_es.html\"><span dir=\"auto\" style=\"vertical-align: inherit\"><span dir=\"auto\" style=\"vertical-align: inherit\">web-M\u00e0sters UMH<\/span><\/span><\/a><span dir=\"auto\" style=\"vertical-align: inherit\"><span dir=\"auto\" style=\"vertical-align: inherit\"> . Has de consultar l&#8217;apartat ACC\u00c9S I ADMISSI\u00d3, del m\u00e0ster on estiguis interessat.<\/span><\/span><\/li>\n<\/ul>\n<p><span dir=\"auto\" style=\"vertical-align: inherit\"><span dir=\"auto\" style=\"vertical-align: inherit\">L&#8217;estudiantat <\/span><\/span><strong><span dir=\"auto\" style=\"vertical-align: inherit\"><span dir=\"auto\" style=\"vertical-align: inherit\">amb titulaci\u00f3 d&#8217;acc\u00e9s cursada a la UMH <\/span><\/span><\/strong> <strong><span dir=\"auto\" style=\"vertical-align: inherit\"><span dir=\"auto\" style=\"vertical-align: inherit\">no<\/span><\/span><\/strong><span dir=\"auto\" style=\"vertical-align: inherit\"><span dir=\"auto\" style=\"vertical-align: inherit\"> haur\u00e0 de presentar <\/span><\/span><strong><span dir=\"auto\" style=\"vertical-align: inherit\"><span dir=\"auto\" style=\"vertical-align: inherit\">DNI<\/span><\/span><\/strong><span dir=\"auto\" style=\"vertical-align: inherit\"><span dir=\"auto\" style=\"vertical-align: inherit\"> , <\/span><\/span><strong><span dir=\"auto\" style=\"vertical-align: inherit\"><span dir=\"auto\" style=\"vertical-align: inherit\">certificat <\/span><\/span><\/strong> <strong><span dir=\"auto\" style=\"vertical-align: inherit\"><span dir=\"auto\" style=\"vertical-align: inherit\">acad\u00e8mic<\/span><\/span><\/strong><span dir=\"auto\" style=\"vertical-align: inherit\"><span dir=\"auto\" style=\"vertical-align: inherit\"> ni <\/span><\/span><strong><span dir=\"auto\" style=\"vertical-align: inherit\"><span dir=\"auto\" style=\"vertical-align: inherit\">t\u00edtol<\/span><\/span><\/strong><span dir=\"auto\" style=\"vertical-align: inherit\"><span dir=\"auto\" style=\"vertical-align: inherit\"> , per obrar aquestes dades en poder de la universitat.<\/span><\/span><\/p>\n<p><span dir=\"auto\" style=\"vertical-align: inherit\"><span dir=\"auto\" style=\"vertical-align: inherit\">En cas de persones amb <\/span><\/span><strong><span dir=\"auto\" style=\"vertical-align: inherit\"><span dir=\"auto\" style=\"vertical-align: inherit\">discapacitat<\/span><\/span><\/strong><span dir=\"auto\" style=\"vertical-align: inherit\"><span dir=\"auto\" style=\"vertical-align: inherit\"> , s&#8217;adjuntar\u00e0 <\/span><\/span><strong><span dir=\"auto\" style=\"vertical-align: inherit\"><span dir=\"auto\" style=\"vertical-align: inherit\">certificat<\/span><\/span><\/strong><span dir=\"auto\" style=\"vertical-align: inherit\"><span dir=\"auto\" style=\"vertical-align: inherit\"> &nbsp;expedit per la unitat de valoraci\u00f3 de la Comunitat Aut\u00f2noma.<\/span><\/span><\/p>\n<p><span dir=\"auto\" style=\"vertical-align: inherit\"><span dir=\"auto\" style=\"vertical-align: inherit\">Si accedeixes a m\u00e0ster amb t\u00edtol estranger consulta el document <\/span><\/span><a href=\"https:\/\/estudios.umh.es\/faq-preguntas-frecuentes-estudiantes-con-titulo-extranjero-master\/\"><span dir=\"auto\" style=\"vertical-align: inherit\"><span dir=\"auto\" style=\"vertical-align: inherit\">Preguntes Freq\u00fcents per a Estudiants Estrangers<\/span><\/span><\/a><span dir=\"auto\" style=\"vertical-align: inherit\"><span dir=\"auto\" style=\"vertical-align: inherit\"> , pregunta n\u00famero 6.<\/span><\/span><\/p>\n<h3 id=\"3\"><span dir=\"auto\" style=\"vertical-align: inherit\"><span dir=\"auto\" style=\"vertical-align: inherit\">3. A quin Campus pertany el m\u00e0ster que vull cursar?<\/span><\/span><\/h3>\n<p><span dir=\"auto\" style=\"vertical-align: inherit\"><span dir=\"auto\" style=\"vertical-align: inherit\">Pots consultar el campus de pertinen\u00e7a a <\/span><\/span><a href=\"https:\/\/estudios.umh.es\/masteres-universitarios-por-campus-y-centro\/\" target=\"_blank\" rel=\"noopener\"><span dir=\"auto\" style=\"vertical-align: inherit\"><span dir=\"auto\" style=\"vertical-align: inherit\">m\u00e0sters per centre i campus <\/span><\/span><\/a><span dir=\"auto\" style=\"vertical-align: inherit\"><strong><span dir=\"auto\" style=\"vertical-align: inherit\">.<\/span><\/strong><\/span><span style=\"font-family: 'Calibri',sans-serif;color: black\"><a href=\"https:\/\/estudios.umh.es\/files\/2024\/03\/PREGUNTAS-FRECUENTES-ESTUDIANTES-DE-MASTERV-2024.pdf\" target=\"_blank\" rel=\"noopener noreferrer\"><img loading=\"lazy\" class=\"alignnone wp-image-31436 size-full\" src=\"https:\/\/estudios.umh.es\/files\/2021\/11\/abre-en-nueva-ventana.png\" alt=\"(obriu en nova finestra)\" width=\"15\" height=\"15\"><\/a><\/span><\/p>\n<h3 id=\"1\"><span dir=\"auto\" style=\"vertical-align: inherit\"><span dir=\"auto\" style=\"vertical-align: inherit\">4. Puc fer un m\u00e0ster si encara no he finalitzat els meus estudis de grau?<\/span><\/span><\/h3>\n<p><span dir=\"auto\" style=\"vertical-align: inherit\"><span dir=\"auto\" style=\"vertical-align: inherit\">El Reial decret 822\/2021, de 28 de setembre, permet l&#8217;acc\u00e9s als estudis de m\u00e0sters universitaris, a l&#8217;estudiantat que no hagi finalitzat els estudis de grau. Es relaciona a continuaci\u00f3 la informaci\u00f3 relativa a aquesta&nbsp; <\/span><\/span><strong><u><span dir=\"auto\" style=\"vertical-align: inherit\"><span dir=\"auto\" style=\"vertical-align: inherit\">admissi\u00f3 condicionada<\/span><\/span><\/u><\/strong><span dir=\"auto\" style=\"vertical-align: inherit\"><span dir=\"auto\" style=\"vertical-align: inherit\"> :<\/span><\/span><\/p>\n<ul>\n<li><span dir=\"auto\" style=\"vertical-align: inherit\"><span dir=\"auto\" style=\"vertical-align: inherit\">Podeu optar l&#8217;estudiantat de Grau d&#8217;una universitat espanyola o pertanyent a l&#8217;Espai Europeu d&#8217;Educaci\u00f3 Superior (EEES) que tingui pendents de superar el Treball de fi de grau (TFG) i com a m\u00e0xim fins a 9 cr\u00e8dits ECTS.<\/span><\/span><\/li>\n<li><span dir=\"auto\" style=\"vertical-align: inherit\"><span dir=\"auto\" style=\"vertical-align: inherit\">L&#8217;estudiantat que disposi de t\u00edtol universitari, tindr\u00e0 prioritat a la matr\u00edcula.<\/span><\/span><\/li>\n<li><span dir=\"auto\" style=\"vertical-align: inherit\"><span dir=\"auto\" style=\"vertical-align: inherit\">No podreu obtenir el t\u00edtol de M\u00e0ster si pr\u00e8viament no heu obtingut el t\u00edtol de Grau.<\/span><\/span><\/li>\n<li><strong><span dir=\"auto\" style=\"vertical-align: inherit\"><span dir=\"auto\" style=\"vertical-align: inherit\">L&#8217;estudiantat ali\u00e8<\/span><\/span><\/strong><span dir=\"auto\" style=\"vertical-align: inherit\"><span dir=\"auto\" style=\"vertical-align: inherit\"> a l&#8217;Espai Europeu d&#8217;Educaci\u00f3 Superior (EEES) <\/span><span dir=\"auto\" style=\"vertical-align: inherit\">no podr\u00e0 optar a la matr\u00edcula condicionada .<\/span><\/span><\/li>\n<li><span dir=\"auto\" style=\"vertical-align: inherit\"><span dir=\"auto\" style=\"vertical-align: inherit\">No podr\u00e0 optar l&#8217;estudiantat que sol\u00b7licita l&#8217;admissi\u00f3 al M\u00e0ster Universitari en Advocacia i Procura, segons regula l&#8217;Ordre Ministerial per la qual es convoca la prova d&#8217;avaluaci\u00f3 d&#8217;aptitud professional per a l&#8217;exercici de la professi\u00f3 d&#8217;advocat\/ada i procurador\/a.<\/span><\/span><\/li>\n<\/ul>\n<h3 id=\"5\"><span dir=\"auto\" style=\"vertical-align: inherit\"><span dir=\"auto\" style=\"vertical-align: inherit\">5. En quin ordre s&#8217;assignen les places si s\u00f3c adm\u00e8s\/ada de forma condicionada?<\/span><\/span><\/h3>\n<p><span dir=\"auto\" style=\"vertical-align: inherit\"><span dir=\"auto\" style=\"vertical-align: inherit\">En els resultats definitius <\/span><\/span><u><span dir=\"auto\" style=\"vertical-align: inherit\"><span dir=\"auto\" style=\"vertical-align: inherit\">tindran prioritat en l&#8217;admissi\u00f3 l&#8217;estudiantat que disposi del t\u00edtol universitari<\/span><\/span><\/u><span dir=\"auto\" style=\"vertical-align: inherit\"><span dir=\"auto\" style=\"vertical-align: inherit\"> . Una vegada aplicat el barem amb els criteris espec\u00edfics de cada m\u00e0ster, es prioritzaran i ordenaran en ordre descendent les sol\u00b7licituds de l&#8217;estudiantat titulat de major a menor puntuaci\u00f3, situant-se a continuaci\u00f3, en el mateix ordre descendent, les sol\u00b7licituds de l&#8217;estudiantat no titulat, tenint prefer\u00e8ncia en aquest \u00faltim cas al que li resti un menor nombre de cr\u00e8dits per finalitzar els seus estudis d&#8217;acc\u00e9s.<\/span><\/span><\/p>\n<p><span dir=\"auto\" style=\"vertical-align: inherit\"><span dir=\"auto\" style=\"vertical-align: inherit\">En cas d&#8217;admissi\u00f3 condicionada a l&#8217;apartat de t\u00edtol que d\u00f3na acc\u00e9s al m\u00e0ster no haur\u00e0s d&#8217;aportar res i l&#8217;apartat certificat acad\u00e8mic oficial de notes has d&#8217;aportar un extracte d&#8217;expedient sense validesa acad\u00e8mica.<\/span><\/span><\/p>\n<p><span dir=\"auto\" style=\"vertical-align: inherit\"><span dir=\"auto\" style=\"vertical-align: inherit\">IMPORTANT: Si durant el proc\u00e9s de preinscripci\u00f3 o per\u00edode d&#8217;esmena, obtens el t\u00edtol de grau, \u00e9s obligatori presentar el certificat acad\u00e8mic oficial.<\/span><\/span><\/p>\n<h3 id=\"6\"><span dir=\"auto\" style=\"vertical-align: inherit\"><span dir=\"auto\" style=\"vertical-align: inherit\">6. Puc fer la preinscripci\u00f3 si no he finalitzat els meus estudis de grau?<\/span><\/span><\/h3>\n<p><span dir=\"auto\" style=\"vertical-align: inherit\"><span dir=\"auto\" style=\"vertical-align: inherit\">Pots accedir per admissi\u00f3 condicionada sempre que et resten un m\u00e0xim de 9 cr\u00e8dits, a m\u00e9s a m\u00e9s del TFG.<\/span><\/span><\/p>\n<p><span dir=\"auto\" style=\"vertical-align: inherit\"><span dir=\"auto\" style=\"vertical-align: inherit\">Quan facis la preinscripci\u00f3 has d&#8217;indicar els cr\u00e8dits que et resten en aquell moment. En el termini d&#8217;esmena podr\u00e0s modificar la informaci\u00f3 que hagis indicat quan vas fer la preinscripci\u00f3. En aquest moment ja no pots tenir pendents m\u00e9s de 9 cr\u00e8dits per finalitzar els estudis de grau.<\/span><\/span><\/p>\n<h3 id=\"7\"><span dir=\"auto\" style=\"vertical-align: inherit\"><span dir=\"auto\" style=\"vertical-align: inherit\">7. Si s\u00f3c adm\u00e8s\/ai posteriorment em matriculo de forma condicional, quan he d&#8217;aportar el meu t\u00edtol de grau?<\/span><\/span><\/h3>\n<p><span dir=\"auto\" style=\"vertical-align: inherit\"><span dir=\"auto\" style=\"vertical-align: inherit\">Pots acreditar que ets titulat en qualsevol moment previ a la sol\u00b7licitud del t\u00edtol de m\u00e0ster. En cap cas no podr\u00e0s obtenir el t\u00edtol de M\u00e0ster si pr\u00e8viament no has obtingut el t\u00edtol de grau.<\/span><\/span><\/p>\n<p><span dir=\"auto\" style=\"vertical-align: inherit\"><span dir=\"auto\" style=\"vertical-align: inherit\">Quan finalitzis el Grau haur\u00e0s de remetre al Centre de Gesti\u00f3 de Campus a qu\u00e8 pertany el m\u00e0ster que est\u00e0s cursant: resguard de dip\u00f2sit de t\u00edtol i el certificat acad\u00e8mic oficial de notes. Excepte UMH que n&#8217;hi haur\u00e0 prou de remetre un correu electr\u00f2nic indicant que has finalitzat.<\/span><\/span><\/p>\n<h3 id=\"8\"><span dir=\"auto\" style=\"vertical-align: inherit\"><span dir=\"auto\" style=\"vertical-align: inherit\">8. Quins m\u00e0sters no tenen admissi\u00f3 condicionada?<\/span><\/span><\/h3>\n<ul>\n<li><span dir=\"auto\" style=\"vertical-align: inherit\"><span dir=\"auto\" style=\"vertical-align: inherit\">El M\u00e0ser Universitari en Advocacia i Procura.<\/span><\/span><\/li>\n<li><span dir=\"auto\" style=\"vertical-align: inherit\"><span dir=\"auto\" style=\"vertical-align: inherit\">Aquells altres M\u00e0sters Universitaris que, per les seves caracter\u00edstiques especials o per disposar-ho aix\u00ed la seva normativa pr\u00f2pia, siguin exclosos de l&#8217;\u00e0mbit d&#8217;aplicaci\u00f3 d&#8217;aquesta Normativa a trav\u00e9s de Resoluci\u00f3 del Vicerectorat competent.<\/span><\/span><\/li>\n<\/ul>\n<p>&nbsp;<\/p>\n<h3 id=\"9\"><span dir=\"auto\" style=\"vertical-align: inherit\"><span dir=\"auto\" style=\"vertical-align: inherit\">9. Com i quan sabr\u00e9 si estic adm\u00e8s\/a?<\/span><\/span><\/h3>\n<p><span dir=\"auto\" style=\"vertical-align: inherit\"><span dir=\"auto\" style=\"vertical-align: inherit\">Els <\/span><\/span><a href=\"https:\/\/universite.umh.es\/preins_postgrado\/master\/listado\" target=\"_blank\" rel=\"noopener\"><span dir=\"auto\" style=\"vertical-align: inherit\"><span dir=\"auto\" style=\"vertical-align: inherit\">resultats provisionals i definitius<\/span><\/span><\/a><span style=\"font-family: 'Calibri',sans-serif;color: black\"><a href=\"https:\/\/estudios.umh.es\/files\/2024\/03\/PREGUNTAS-FRECUENTES-ESTUDIANTES-DE-MASTERV-2024.pdf\" target=\"_blank\" rel=\"noopener noreferrer\"><img loading=\"lazy\" class=\"alignnone wp-image-31436 size-full\" src=\"https:\/\/estudios.umh.es\/files\/2021\/11\/abre-en-nueva-ventana.png\" alt=\"(obriu en nova finestra)\" width=\"15\" height=\"15\"><\/a><\/span><span dir=\"auto\" style=\"vertical-align: inherit\"><span dir=\"auto\" style=\"vertical-align: inherit\"> es podran consultar <\/span><\/span><strong><span dir=\"auto\" style=\"vertical-align: inherit\"><span dir=\"auto\" style=\"vertical-align: inherit\">de manera personalitzada<\/span><\/span><\/strong><span dir=\"auto\" style=\"vertical-align: inherit\"><span dir=\"auto\" style=\"vertical-align: inherit\"> , amb la clau de preinscripci\u00f3, fent clic a Consulta Llistat Admissi\u00f3.<\/span><\/span><\/p>\n<p>&nbsp;&nbsp;&nbsp;&nbsp;&nbsp;&nbsp;&nbsp;&nbsp;&nbsp;&nbsp;&nbsp;&nbsp;&nbsp;&nbsp;&nbsp;&nbsp;&nbsp;&nbsp;&nbsp; &nbsp; &nbsp;<\/p>\n<p><em><strong><span dir=\"auto\" style=\"vertical-align: inherit\"><span dir=\"auto\" style=\"vertical-align: inherit\">1r&nbsp; Termini<\/span><\/span><span dir=\"auto\" style=\"vertical-align: inherit\"><span dir=\"auto\" style=\"vertical-align: inherit\">:&nbsp;&nbsp;<\/span><\/span><\/strong><\/em><em><span dir=\"auto\" style=\"vertical-align: inherit\"><span dir=\"auto\" style=\"vertical-align: inherit\"> Resultat provisional: 30 de juny de 2025<\/span><\/span><\/em><\/p>\n<p><strong>&nbsp;&nbsp;&nbsp;&nbsp;&nbsp;&nbsp;&nbsp;&nbsp;&nbsp;&nbsp;&nbsp;&nbsp;&nbsp;&nbsp;&nbsp;&nbsp;&nbsp; <\/strong><em><span dir=\"auto\" style=\"vertical-align: inherit\"><span dir=\"auto\" style=\"vertical-align: inherit\">Resultat definitiu: 7 de juliol de 2025<\/span><\/span><\/em><\/p>\n<p><strong><span dir=\"auto\" style=\"vertical-align: inherit\"><span dir=\"auto\" style=\"vertical-align: inherit\">2n Termini <\/span><\/span><\/strong><em><span dir=\"auto\" style=\"vertical-align: inherit\"><span dir=\"auto\" style=\"vertical-align: inherit\"> &nbsp; Resultat provisional: 22 de juliol de 2025<\/span><\/span><\/em><\/p>\n<p><strong>&nbsp;&nbsp;&nbsp;&nbsp;&nbsp;&nbsp;&nbsp;&nbsp;&nbsp;&nbsp;&nbsp;&nbsp;&nbsp;&nbsp;&nbsp;&nbsp;&nbsp;&nbsp;<\/strong><em><span dir=\"auto\" style=\"vertical-align: inherit\"><span dir=\"auto\" style=\"vertical-align: inherit\">Resultat definitiu: 28 de juliol de 2025&nbsp; &nbsp; &nbsp; &nbsp; &nbsp; &nbsp; &nbsp; &nbsp; &nbsp; &nbsp; &nbsp; &nbsp; &nbsp; &nbsp;<\/span><\/span><\/em><\/p>\n<h3 id=\"10\"><span dir=\"auto\" style=\"vertical-align: inherit\"><span dir=\"auto\" style=\"vertical-align: inherit\">10. Quan i com puc solucionar la meva sol\u00b7licitud?<\/span><\/span><\/h3>\n<p><span dir=\"auto\" style=\"vertical-align: inherit\"><span dir=\"auto\" style=\"vertical-align: inherit\">Despr\u00e9s de la publicaci\u00f3 dels resultats provisionals si la teva sol\u00b7licitud est\u00e0 en estat d&#8217;esmena, o la situaci\u00f3 de la titulaci\u00f3 d&#8217;acc\u00e9s que vas indicar ha canviat, es realitzar\u00e0 l&#8217;esmena a trav\u00e9s de <\/span><\/span><u><a href=\"http:\/\/universite.umh.es\/inscripcion\/master\/acceso\"><span dir=\"auto\" style=\"vertical-align: inherit\"><span dir=\"auto\" style=\"vertical-align: inherit\">l&#8217;aplicaci\u00f3 de preinscripci\u00f3<\/span><\/span><\/a><span style=\"font-family: 'Calibri',sans-serif;color: black\"><a href=\"https:\/\/estudios.umh.es\/files\/2024\/03\/PREGUNTAS-FRECUENTES-ESTUDIANTES-DE-MASTERV-2024.pdf\" target=\"_blank\" rel=\"noopener noreferrer\"><img loading=\"lazy\" class=\"alignnone wp-image-31436 size-full\" src=\"https:\/\/estudios.umh.es\/files\/2021\/11\/abre-en-nueva-ventana.png\" alt=\"(obriu en nova finestra)\" width=\"15\" height=\"15\"><\/a><\/span><\/u><span dir=\"auto\" style=\"vertical-align: inherit\"><span dir=\"auto\" style=\"vertical-align: inherit\"> , clicant a La meva Sol\u00b7licitud.<\/span><\/span><\/p>\n<p><a href=\"https:\/\/estudios.umh.es\/files\/2025\/01\/Mi-Solicitud-Preinscripcion-Master.png\"><img loading=\"lazy\" class=\"size-medium wp-image-18869 aligncenter\" src=\"https:\/\/estudios.umh.es\/files\/2025\/01\/Mi-Solicitud-Preinscripcion-Master-300x34.png\" alt=\"La meva sol\u00b7licitud\" width=\"300\" height=\"34\" srcset=\"https:\/\/estudios.umh.es\/files\/2025\/01\/Mi-Solicitud-Preinscripcion-Master-300x34.png 300w, https:\/\/estudios.umh.es\/files\/2025\/01\/Mi-Solicitud-Preinscripcion-Master.png 315w\" sizes=\"(max-width: 300px) 100vw, 300px\" \/><\/a><\/p>\n<p>&nbsp;<\/p>\n<h3 id=\"11\"><span dir=\"auto\" style=\"vertical-align: inherit\"><span dir=\"auto\" style=\"vertical-align: inherit\">11. Despr\u00e9s de la publicaci\u00f3 del resultat provisional no estic d&#8217;acord amb la nota que m&#8217;han assignat per a l&#8217;admissi\u00f3, puc sol\u00b7licitar-ne la revisi\u00f3?<\/span><\/span><\/h3>\n<p><span dir=\"auto\" style=\"vertical-align: inherit\"><span dir=\"auto\" style=\"vertical-align: inherit\">Les reclamacions per la puntuaci\u00f3 obtinguda per a l&#8217;admissi\u00f3 s&#8217;han de sol\u00b7licitar a la Direcci\u00f3 del m\u00e0ster mitjan\u00e7ant inst\u00e0ncia general tramesa al <\/span><\/span><a href=\"https:\/\/estudios.umh.es\/masteres-universitarios-por-campus-y-centro\/\" target=\"_blank\" rel=\"noopener\"><span dir=\"auto\" style=\"vertical-align: inherit\"><span dir=\"auto\" style=\"vertical-align: inherit\">Centre de Gesti\u00f3 de Campus corresponent<\/span><\/span><\/a><span style=\"font-family: 'Calibri',sans-serif;color: black\"><a href=\"https:\/\/estudios.umh.es\/files\/2024\/03\/PREGUNTAS-FRECUENTES-ESTUDIANTES-DE-MASTERV-2024.pdf\" target=\"_blank\" rel=\"noopener noreferrer\"><img loading=\"lazy\" class=\"alignnone wp-image-31436 size-full\" src=\"https:\/\/estudios.umh.es\/files\/2021\/11\/abre-en-nueva-ventana.png\" alt=\"(obriu en nova finestra)\" width=\"15\" height=\"15\"><\/a><\/span><span dir=\"auto\" style=\"vertical-align: inherit\"><span dir=\"auto\" style=\"vertical-align: inherit\"> , preferentment a trav\u00e9s de la&nbsp; <\/span><\/span><a href=\"https:\/\/sede.umh.es\/procedimientos\/instancia-general\/\"><span dir=\"auto\" style=\"vertical-align: inherit\"><span dir=\"auto\" style=\"vertical-align: inherit\">seu electr\u00f2nica<\/span><\/span><\/a><span style=\"font-family: 'Calibri',sans-serif;color: black\"><a href=\"https:\/\/estudios.umh.es\/files\/2024\/03\/PREGUNTAS-FRECUENTES-ESTUDIANTES-DE-MASTERV-2024.pdf\" target=\"_blank\" rel=\"noopener noreferrer\"><img loading=\"lazy\" class=\"alignnone wp-image-31436 size-full\" src=\"https:\/\/estudios.umh.es\/files\/2021\/11\/abre-en-nueva-ventana.png\" alt=\"(obriu en nova finestra)\" width=\"15\" height=\"15\"><\/a><\/span><span dir=\"auto\" style=\"vertical-align: inherit\"><span dir=\"auto\" style=\"vertical-align: inherit\"> .<\/span><\/span><\/p>\n<h3 id=\"12\"><span dir=\"auto\" style=\"vertical-align: inherit\"><span dir=\"auto\" style=\"vertical-align: inherit\">12. He d&#8217;aportar f\u00edsicament la documentaci\u00f3 de preinscripci\u00f3 (t\u00edtol, certificat de notes, etc.)? quin termini tinc per presentar-la?<\/span><\/span><\/h3>\n<p><span dir=\"auto\" style=\"vertical-align: inherit\"><span dir=\"auto\" style=\"vertical-align: inherit\">Durant el per\u00edode de preinscripci\u00f3 els documents es presenten telem\u00e0ticament en format pdf.<\/span><\/span><\/p>\n<p><span dir=\"auto\" style=\"vertical-align: inherit\"><span dir=\"auto\" style=\"vertical-align: inherit\">Posteriorment, en cas de ser adm\u00e8s i despr\u00e9s de la matr\u00edcula, \u00e9s possible que hagis de presentar originals i fotoc\u00f2pies per a la confrontaci\u00f3 o remetre fotoc\u00f2pies compulsada, en aquest cas et remetrem un correu electr\u00f2nic i haur\u00e0s d&#8217;aportar nom\u00e9s aquells documents d&#8217;acc\u00e9s que no s\u00f3n documents electr\u00f2nics.<\/span><\/span><\/p>\n<h3 id=\"13\"><span dir=\"auto\" style=\"vertical-align: inherit\"><span dir=\"auto\" style=\"vertical-align: inherit\">13. Quins documents considereu documents d&#8217;acc\u00e9s?<\/span><\/span><\/h3>\n<p><span dir=\"auto\" style=\"vertical-align: inherit\"><span dir=\"auto\" style=\"vertical-align: inherit\">Com a norma general, els documents dacc\u00e9s a m\u00e0ster universitari s\u00f3n el t\u00edtol universitari i el certificat acad\u00e8mic personal de notes.<\/span><\/span><\/p>\n<p><span dir=\"auto\" style=\"vertical-align: inherit\"><span dir=\"auto\" style=\"vertical-align: inherit\">En cas que no tingui el t\u00edtol definitiu haur\u00e0 d&#8217;aportar el resguard de dip\u00f2sit de t\u00edtol, document que li lliuren a la universitat despr\u00e9s de fer el pagament de la taxa d&#8217;expedici\u00f3 del t\u00edtol de Grau.<\/span><\/span><\/p>\n<p><span dir=\"auto\" style=\"vertical-align: inherit\"><span dir=\"auto\" style=\"vertical-align: inherit\">En el cas del M\u00e0ster en Formaci\u00f3 del Professorat, el certificat del coneixement d&#8217;una llengua estrangera d&#8217;almenys nivell B1 tamb\u00e9 \u00e9s documentaci\u00f3 d&#8217;acc\u00e9s.<\/span><\/span><\/p>\n<h3 id=\"14\"><span dir=\"auto\" style=\"vertical-align: inherit\"><span dir=\"auto\" style=\"vertical-align: inherit\">14. Hi ha quotes d&#8217;acc\u00e9s per a estudis de m\u00e0ster a la UMH?<\/span><\/span><\/h3>\n<p><span dir=\"auto\" style=\"vertical-align: inherit\"><span dir=\"auto\" style=\"vertical-align: inherit\">S\u00ed, hi ha una reserva del 5% de les places oferides per cada m\u00e0ster universitari (com a m\u00ednim 1 pla\u00e7a) per a l&#8217;estudiantat que tingui reconegut un grau de discapacitat igual o superior al 33%, aix\u00ed com per a estudiantat amb necessitats de suport educatiu permanents associades a circumst\u00e0ncies personals de discapacitat, que en els estudis anteriors hagin precisat de recursos i suports per a la seva plena.<\/span><\/span><\/p>\n<p><span dir=\"auto\" style=\"vertical-align: inherit\"><span dir=\"auto\" style=\"vertical-align: inherit\">Per accedir a trav\u00e9s de l&#8217;esmentada quota, cal acreditar-ho documentalment.<\/span><\/span><\/p>\n<h3 id=\"15\"><span dir=\"auto\" style=\"vertical-align: inherit\"><span dir=\"auto\" style=\"vertical-align: inherit\">15. Vull cursar el M\u00e0ster universitari en Psicologia General Sanit\u00e0ria he d&#8217;aportar el certificat d&#8217;haver cursat els 90 cr\u00e8dits sanitaris?<\/span><\/span><\/h3>\n<p><span dir=\"auto\" style=\"vertical-align: inherit\"><span dir=\"auto\" style=\"vertical-align: inherit\">Despr\u00e9s de la darrera modificaci\u00f3 de la Mem\u00f2ria del M\u00e0ster en Psicologia General Sanit\u00e0ria s&#8217;eximeix de la necessitat de presentar certificat que acrediti haver cursat 90 cr\u00e8dits sanitaris als titulats\/des espanyols\/es: Llicenciats\/ades en psicologia i Graduats\/ades en psicologia.<\/span><\/span><\/p>\n<h3 id=\"16\"><span dir=\"auto\" style=\"vertical-align: inherit\"><span dir=\"auto\" style=\"vertical-align: inherit\">16. Necessito presentar el resguard de preinscripci\u00f3 per sol\u00b7licitar una beca com ho puc obtenir?<\/span><\/span><\/h3>\n<p><span dir=\"auto\" style=\"vertical-align: inherit\"><span dir=\"auto\" style=\"vertical-align: inherit\">Has de contactar amb el <\/span><\/span><a href=\"https:\/\/estudios.umh.es\/masteres-universitarios-por-campus-y-centro\/\" target=\"_blank\" rel=\"noopener\"><u><span dir=\"auto\" style=\"vertical-align: inherit\"><span dir=\"auto\" style=\"vertical-align: inherit\">Centre de Gesti\u00f3 de Campus<\/span><\/span><\/u><\/a><span style=\"font-family: 'Calibri',sans-serif;color: black\"><a href=\"https:\/\/estudios.umh.es\/files\/2024\/03\/PREGUNTAS-FRECUENTES-ESTUDIANTES-DE-MASTERV-2024.pdf\" target=\"_blank\" rel=\"noopener noreferrer\"><img loading=\"lazy\" class=\"alignnone wp-image-31436 size-full\" src=\"https:\/\/estudios.umh.es\/files\/2021\/11\/abre-en-nueva-ventana.png\" alt=\"(obriu en nova finestra)\" width=\"15\" height=\"15\"><\/a><\/span><span dir=\"auto\" style=\"vertical-align: inherit\"><span dir=\"auto\" style=\"vertical-align: inherit\"> al qual pertanyi el m\u00e0ster on s&#8217;ha preinscrit i sol\u00b7licitar que li expedeixin el resguard de la preinscripci\u00f3.<\/span><\/span><\/p>\n<p>&nbsp;<\/p>\n<h3><span dir=\"auto\">INFORMACI\u00d3 DE CONTACTE.<\/span><\/h3>\n<p><span dir=\"auto\">Servei de Gesti\u00f3 d\u2019Estudis&nbsp;<\/span><br \/>\n<span dir=\"auto\">Edifici Rectorat i Consell Social \u2013 Campus d\u2019Elx<\/span><br \/>\n<span dir=\"auto\">Avda. de la Universitat, s\/n, 03202 Elx -Alacant<\/span><br \/>\n<span dir=\"auto\">Tel\u00e8fons: 966 658 840 \/ 965 222 692 \/ 965 222 184<\/span><br \/>\n<span dir=\"auto\">Correu electr\u00f2nic:&nbsp;&nbsp;<\/span><span id=\"eeb-44292-317855\"><span id=\"eeb-912498-317740\"><span dir=\"auto\"><span id=\"eeb-388200-935048\">master@umh.es<\/span><\/span><\/span><\/span><\/p>","protected":false},"excerpt":{"rendered":"<p>1. On i quan em puc preinscriure?<br \/>\n2. Quina documentaci\u00f3 he d&#8217;acompanyar la preinscripci\u00f3?<br \/>\n3. A quin Campus pertany el m\u00e0ster que vull cursar?<br \/>\n4. Puc fer un m\u00e0ster si encara no he finalitzat els meus estudis de grau?<br \/>\n5. En quin ordre s&#8217;assignen les places si s\u00f3c adm\u00e8s\/ada de forma condicionada?<br \/>\n6. Puc fer la preinscripci\u00f3 si no he [&#8230;]<\/p>\n","protected":false},"author":1607,"featured_media":0,"parent":0,"menu_order":0,"comment_status":"closed","ping_status":"closed","template":"","meta":{"ngg_post_thumbnail":0,"_links_to":"","_links_to_target":""},"_links":{"self":[{"href":"https:\/\/estudios.umh.es\/ca\/wp-json\/wp\/v2\/pages\/18848"}],"collection":[{"href":"https:\/\/estudios.umh.es\/ca\/wp-json\/wp\/v2\/pages"}],"about":[{"href":"https:\/\/estudios.umh.es\/ca\/wp-json\/wp\/v2\/types\/page"}],"author":[{"embeddable":true,"href":"https:\/\/estudios.umh.es\/ca\/wp-json\/wp\/v2\/users\/1607"}],"replies":[{"embeddable":true,"href":"https:\/\/estudios.umh.es\/ca\/wp-json\/wp\/v2\/comments?post=18848"}],"version-history":[{"count":0,"href":"https:\/\/estudios.umh.es\/ca\/wp-json\/wp\/v2\/pages\/18848\/revisions"}],"wp:attachment":[{"href":"https:\/\/estudios.umh.es\/ca\/wp-json\/wp\/v2\/media?parent=18848"}],"curies":[{"name":"wp","href":"https:\/\/api.w.org\/{rel}","templated":true}]}}