{"id":682,"date":"2014-05-15T07:52:52","date_gmt":"2014-05-15T07:52:52","guid":{"rendered":"http:\/\/estudios.zeus.umh.es\/?page_id=682"},"modified":"2025-12-22T10:40:45","modified_gmt":"2025-12-22T09:40:45","slug":"formacion-docente","status":"publish","type":"page","link":"https:\/\/estudios.umh.es\/ca\/formacion-docente\/","title":{"rendered":"<span lang=\"es\">(Espa\u00f1ol) FORMACI\u00d3N Y MEJORA DOCENTE<\/span>"},"content":{"rendered":"<p><strong>FORMACI\u00d3 I MILLORA DOCENT<\/strong><\/p>\n<p>En el curs 2024-2025, presentem la XXIII EDICI\u00d3 del Programa de Formaci\u00f3 i Millora Docent de la Universitat Miguel Hern\u00e1ndez. Aquest programa respon a les demandes i necessitats de formaci\u00f3 manifestades pels nostres professors i professores, i als objectius que estableixen tant el Pla Estrat\u00e8gic per a la Qualitat com el Pla per a l&#8217;Avaluaci\u00f3 de l&#8217;Activitat docent de la UMH, fomentant la innovaci\u00f3 docent i l&#8217;excel\u00b7l\u00e8ncia educativa com a garantia de qualitat de la doc\u00e8ncia universit\u00e0ria.<\/p>\n<p>El present programa emfatitza l&#8217;estreta relaci\u00f3 entre la formaci\u00f3 del professorat universitari i la qualitat de la doc\u00e8ncia, i abasta un conjunt d&#8217;activitats i recursos que la instituci\u00f3 universit\u00e0ria organitza per a millorar el desenvolupament personal i professional dels seus participants. \u00c9s un programa obert al canvi i a la millora constant que ha anat experimentat un increment en les seues propostes i activitats formatives afavorit per la implicaci\u00f3 dels Departaments, els Centres i tot el professorat de la Universitat Miguel Hern\u00e1ndez.<\/p>\n<hr style=\"color: #c50606\">\n<p><strong>Objectius:<\/strong><br \/>\nEls objectius del Programa de Formaci\u00f3 i Millora Docent s\u00f3n:<\/p>\n<ul>\n<li>Assegurar la qualitat de la doc\u00e8ncia i aconseguir l&#8217;excel\u00b7l\u00e8ncia educativa.<\/li>\n<li>Formar al personal docent universitari en els diferents elements que influeixen en el proc\u00e9s d&#8217;ensenyament-aprenentatge: planificaci\u00f3 de la doc\u00e8ncia, m\u00e8todes d&#8217;ensenyament, avaluaci\u00f3, motivaci\u00f3 de les estudiants i els estudiants, habilitats de comunicaci\u00f3, aprenentatge aut\u00f2nom, tutories, etc.<\/li>\n<li>Facilitar estrat\u00e8gies de suport a la labor docent i a la labor investigadora: recursos estad\u00edstics, cerques bibliogr\u00e0fiques, t\u00e8cniques de comunicaci\u00f3 oral i escrita, etc.<\/li>\n<li>Preparar al professorat universitari en les possibilitats did\u00e0ctiques de les noves tecnologies de la informaci\u00f3 i la comunicaci\u00f3.<\/li>\n<\/ul>\n<p><strong>Modalitats formatives:<\/strong><\/p>\n<ul>\n<li>Formaci\u00f3 Inicial per a la Doc\u00e8ncia Universit\u00e0ria<\/li>\n<li>Formaci\u00f3 en Innovaci\u00f3 Docent i Excel\u00b7l\u00e8ncia Educativa<\/li>\n<li>Formaci\u00f3 en Tecnologia Educativa(obri en nova finestra)&nbsp;<\/li>\n<li>Activitats Formatives en Centres i Departaments<\/li>\n<\/ul>\n<p><\/p>","protected":false},"excerpt":{"rendered":"<p>FORMACI\u00d3 I MILLORA DOCENT<br \/>\nEn el curs 2024-2025, presentem la XXIII EDICI\u00d3 del Programa de Formaci\u00f3 i Millora Docent de la Universitat Miguel Hern\u00e1ndez. Aquest programa respon a les demandes i necessitats de formaci\u00f3 manifestades pels nostres professors i professores, i als objectius que estableixen tant el Pla Estrat\u00e8gic per a la Qualitat com el Pla [&#8230;]<\/p>\n","protected":false},"author":10,"featured_media":0,"parent":0,"menu_order":95,"comment_status":"closed","ping_status":"open","template":"","meta":{"ngg_post_thumbnail":0,"_links_to":"","_links_to_target":""},"_links":{"self":[{"href":"https:\/\/estudios.umh.es\/ca\/wp-json\/wp\/v2\/pages\/682"}],"collection":[{"href":"https:\/\/estudios.umh.es\/ca\/wp-json\/wp\/v2\/pages"}],"about":[{"href":"https:\/\/estudios.umh.es\/ca\/wp-json\/wp\/v2\/types\/page"}],"author":[{"embeddable":true,"href":"https:\/\/estudios.umh.es\/ca\/wp-json\/wp\/v2\/users\/10"}],"replies":[{"embeddable":true,"href":"https:\/\/estudios.umh.es\/ca\/wp-json\/wp\/v2\/comments?post=682"}],"version-history":[{"count":0,"href":"https:\/\/estudios.umh.es\/ca\/wp-json\/wp\/v2\/pages\/682\/revisions"}],"wp:attachment":[{"href":"https:\/\/estudios.umh.es\/ca\/wp-json\/wp\/v2\/media?parent=682"}],"curies":[{"name":"wp","href":"https:\/\/api.w.org\/{rel}","templated":true}]}}